{"version":"1.0","provider_name":"Law Right","provider_url":"https:\/\/www.law-right.com\/fr\/","author_name":"Christophe Boeraeve","author_url":"https:\/\/www.law-right.com\/fr\/author\/cboeraeve\/","title":"LA SITUATION FISCALE ET SOCIALE EN BELGIQUE | Law Right","type":"rich","width":600,"height":338,"html":"<blockquote class=\"wp-embedded-content\" data-secret=\"m6USzoLF3O\"><a href=\"https:\/\/www.law-right.com\/fr\/international\/la-situation-fiscale-et-sociale-en-belgique\/\">LA SITUATION FISCALE ET SOCIALE EN BELGIQUE<\/a><\/blockquote><iframe sandbox=\"allow-scripts\" security=\"restricted\" src=\"https:\/\/www.law-right.com\/fr\/international\/la-situation-fiscale-et-sociale-en-belgique\/embed\/#?secret=m6USzoLF3O\" width=\"600\" height=\"338\" title=\"\u00ab\u00a0LA SITUATION FISCALE ET SOCIALE EN BELGIQUE\u00a0\u00bb &#8212; Law Right\" data-secret=\"m6USzoLF3O\" frameborder=\"0\" marginwidth=\"0\" marginheight=\"0\" scrolling=\"no\" class=\"wp-embedded-content\"><\/iframe><script type=\"text\/javascript\">\n\/* <![CDATA[ *\/\n\/*! This file is auto-generated *\/\n!function(d,l){\"use strict\";l.querySelector&&d.addEventListener&&\"undefined\"!=typeof URL&&(d.wp=d.wp||{},d.wp.receiveEmbedMessage||(d.wp.receiveEmbedMessage=function(e){var t=e.data;if((t||t.secret||t.message||t.value)&&!\/[^a-zA-Z0-9]\/.test(t.secret)){for(var s,r,n,a=l.querySelectorAll('iframe[data-secret=\"'+t.secret+'\"]'),o=l.querySelectorAll('blockquote[data-secret=\"'+t.secret+'\"]'),c=new RegExp(\"^https?:$\",\"i\"),i=0;i<o.length;i++)o[i].style.display=\"none\";for(i=0;i<a.length;i++)s=a[i],e.source===s.contentWindow&&(s.removeAttribute(\"style\"),\"height\"===t.message?(1e3<(r=parseInt(t.value,10))?r=1e3:~~r<200&&(r=200),s.height=r):\"link\"===t.message&&(r=new URL(s.getAttribute(\"src\")),n=new URL(t.value),c.test(n.protocol))&&n.host===r.host&&l.activeElement===s&&(d.top.location.href=t.value))}},d.addEventListener(\"message\",d.wp.receiveEmbedMessage,!1),l.addEventListener(\"DOMContentLoaded\",function(){for(var e,t,s=l.querySelectorAll(\"iframe.wp-embedded-content\"),r=0;r<s.length;r++)(t=(e=s[r]).getAttribute(\"data-secret\"))||(t=Math.random().toString(36).substring(2,12),e.src+=\"#?secret=\"+t,e.setAttribute(\"data-secret\",t)),e.contentWindow.postMessage({message:\"ready\",secret:t},\"*\")},!1)))}(window,document);\n\/\/# sourceURL=https:\/\/www.law-right.com\/wp-includes\/js\/wp-embed.min.js\n\/* ]]> *\/\n<\/script>\n","description":"La Belgique est souvent d\u00e9crite comme \u00ab\u00a0l\u2019enfer du travailleur\u00a0\u00bb et le \u00ab\u00a0paradis du rentier\u00a0\u00bb Toutes les \u00e9tudes et comparaisons internationales le d\u00e9montrent malheureusement. Les taux d&rsquo;imposition effectifs dans divers pays tels que publi\u00e9s par The Economist \u200b\u200ble 16 octobre 2012 sont les suivants: http:\/\/www.economist.com\/blogs\/graphicdetail\/2012\/10\/focus-4 Les Belges paient donc le plus: sur des revenus de 47 720 $, ils doivent payer 33,9% d&rsquo;imp\u00f4t sur \u200b\u200ble revenu et 13,1% de s\u00e9curit\u00e9 sociale. Et c&rsquo;est sans compter les 35 pc (environ) de s\u00e9curit\u00e9 sociale dans le chef de l&#8217;employeur. L&rsquo;indice de qualit\u00e9 de la vie de l&rsquo;Economist Intelligence Unit est bas\u00e9 sur une m\u00e9thode qui relie les r\u00e9sultats des enqu\u00eates subjectives de satisfaction \u00e0 des facteurs objectifs de qualit\u00e9 de vie entre les pays. Sur 111 pays, la Belgique et Malte sont class\u00e9s respectivement 24 et 28 (http:\/\/en.wikipedia.org\/wiki\/Quality-of-life_Index). 1. Quelques faits relatifs \u00e0 la Belgique Comparer la fiscalit\u00e9 internationale des expatri\u00e9s est de plus en plus pertinent pour \u00e9clairer les d\u00e9cideurs politiques et les investisseurs multinationaux. PricewaterhouseCoopers et le Zentrum f\u00fcr Europ\u00e4ische Wirtschaftsforschung (ZEW) ont rassembl\u00e9 des informations sur la fiscalit\u00e9 des revenus du travail dans les diff\u00e9rents pays et ont calcul\u00e9 et compar\u00e9 les co\u00fbts de missions transfrontali\u00e8res. Du point de vue de l&rsquo;Allemagne, les d\u00e9tachements vers la Russie et la Suisse repr\u00e9sentent les couts les plus bas tandis que les d\u00e9tachements en Belgique et en Slov\u00e9nie, les co\u00fbts les plus \u00e9lev\u00e9s. En g\u00e9n\u00e9ral, le classement des pays d&rsquo;accueil des expatri\u00e9s selon les plus faibles co\u00fbts de d\u00e9tachement jsuqu\u2019aux plus \u00e9lev\u00e9s suit le classement des taux d&rsquo;imposition des revenus les plus \u00e9lev\u00e9s. http:\/\/ftp.zew.de\/pub\/zew-docs\/gutachten\/ExecSum-Expatriates.pdf 2. 216 jours de travail pour l\u2019Etat belge&#8230; La \u201cJourn\u00e9e de lib\u00e9ration de l\u2019imp\u00f4t\u201d est le premier jour de l&rsquo;ann\u00e9e o\u00f9 une nation dans [...]","thumbnail_url":"https:\/\/www.law-right.com\/wp-content\/uploads\/2013\/09\/effective-tax-rates.jpg"}